{"id":1174,"date":"2021-09-11T09:03:28","date_gmt":"2021-09-11T09:03:28","guid":{"rendered":"https:\/\/iranytufejlesztohaz.hu\/?page_id=1174"},"modified":"2025-09-29T17:46:21","modified_gmt":"2025-09-29T17:46:21","slug":"araink","status":"publish","type":"page","link":"https:\/\/iranytufejlesztohaz.hu\/?page_id=1174","title":{"rendered":"\u00c1raink"},"content":{"rendered":"\n<div class=\"wp-block-ive-ibtana-visual-editorheading\"><div class=\"ive-advanced-text-wrap ive-div-advance-text_8fe7be-22 heartBeat animated text-center text-md-center text-lg-start text-xl-start\"><div class=\"ive-text-option-parent\"><img decoding=\"async\" src=\"https:\/\/iranytufejlesztohaz.hu\/wp-content\/uploads\/2021\/09\/noe-elfogadohely_netre.jpg\" alt=\"\"\/><\/div><h2 class=\"ive-heading-parent undefined ive-advanced-text-inner-wrap ive-adv-advance-text_8fe7be-22 ive-lh-xs-20 ive-lh-sm-20 ive-lh-md-30 ive-lh-lg-30 ive-lh-xl-30\" id=\"ive-adv-advance-text_8fe7be-22\"> <em><strong>Kedves Sz\u00fcl\u0151k!<\/strong><br><br>T\u00e1j\u00e9koztatjuk \u00d6n\u00f6ket, hogy a &#8222;havi&#8221; (4-8 alkalomra sz\u00f3l\u00f3) b\u00e9rleteink \u00e1ra fele-fele ar\u00e1nyban egy alap d\u00edjb\u00f3l (mely a rendelkez\u00e9sre \u00e1ll\u00e1st, \u00e9s a fenntart\u00e1si k\u00f6lts\u00e9geket fedezi), illetve egy jelenl\u00e9ti d\u00edjb\u00f3l tev\u0151dik \u00f6ssze. A gyermek hi\u00e1nyz\u00e1sa eset\u00e9n a jelenl\u00e9ti d\u00edj \u00f6sszege a k\u00f6vetkez\u0151 havi b\u00e9rlet v\u00e1s\u00e1rl\u00e1sakor besz\u00e1m\u00edt\u00e1sra ker\u00fcl.<\/em><br><em>A csoportos foglalkoz\u00e1sok d\u00edj\u00e1t \u00e1ltal\u00e1ban 6 f\u0151re kalkul\u00e1ltuk. A kisebb l\u00e9tsz\u00e1m\u00fa csoportokra vonatkoz\u00f3 \u00e1rakat a foglalkoz\u00e1svezet\u0151vel tudj\u00e1k egyeztetni.<br><br>A nagycsal\u00e1dosok sz\u00e1m\u00e1ra szeretn\u00e9nk jelezni, hogy a t\u00e1bl\u00e1zatban felt\u00fcntetett \u00e1rakb\u00f3l a NOE Klubk\u00e1rty\u00e1t felmutat\u00f3 csal\u00e1doknak tov\u00e1bbi 5% kedvezm\u00e9nyt biztos\u00edtunk.<\/em><\/h2><\/div><\/div>\n\n\n\n<p><\/p>\n\n\n\n<div class=\"wp-block-ive-tabs alignnone\"><div class=\"ive-tabs-wrap ive-tabs-id_aa7df5-97 ive-tabs-has-3-tabs ive-active-tab-1 ive-tabs-layout-tabs ive-tabs-tablet-layout-accordion ive-tabs-mobile-layout-accordion ive-tab-alignment-left ive-create-accordion\"><ul class=\"ive-tabs-title-list\"><li id=\"tab-vizsglatidjak\" class=\"ive-title-item ive-title-item-1 ive-tab-alltitle-item ive-tab-title-item-0 ive-tabs-svg-show-always ive-tabs-icon-side-right ive-tab-title-active \"><a href=\"#tab-vizsglatidjak\" data-tab=\"1\" class=\"ive-tab-title ive-tab-title-1 ive-tab-alltitle-heading ive-tab-title-heading-0 d-block ive-tabs-xl-center text-center text-sm-center text-md-center\"><span class=\"ive-title-text\">Vizsg\u00e1lati d\u00edjak<\/span><\/a><\/li><li id=\"tab-egynifoglalkozsokdja\" class=\"ive-title-item ive-title-item-2 ive-tab-alltitle-item ive-tab-title-item-1 ive-tabs-svg-show-always ive-tabs-icon-side-right ive-tab-title-inactive \"><a href=\"#tab-egynifoglalkozsokdja\" data-tab=\"2\" class=\"ive-tab-title ive-tab-title-2 ive-tab-alltitle-heading ive-tab-title-heading-1 d-block ive-tabs-xl-center text-center text-sm-center text-md-center\"><span class=\"ive-title-text\">Egy\u00e9ni foglalkoz\u00e1sok d\u00edja<\/span><\/a><\/li><li id=\"tab-csoportosfoglalkozsokdja\" class=\"ive-title-item ive-title-item-3 ive-tab-alltitle-item ive-tab-title-item-2 ive-tabs-svg-show-always ive-tabs-icon-side-right ive-tab-title-inactive \"><a href=\"#tab-csoportosfoglalkozsokdja\" data-tab=\"3\" class=\"ive-tab-title ive-tab-title-3 ive-tab-alltitle-heading ive-tab-title-heading-2 d-block ive-tabs-xl-center text-center text-sm-center text-md-center\"><span class=\"ive-title-text\">Csoportos foglalkoz\u00e1sok d\u00edja<\/span><\/a><\/li><\/ul><div class=\"ive-tabs-content-wrap\">\n<div class=\"wp-block-ive-tab ive-tab-inner-content ive-inner-tab-1 ive-inner-tab_7496e7-e5\"><div class=\"ive-tab-inner-content-inner\">\n<figure class=\"wp-block-table is-style-regular\"><table class=\"has-text-color\" style=\"color:#4e4f50\"><thead><tr><th>Vizsg\u00e1lat megnevez\u00e9se<\/th><th>Id\u0151tartam<\/th><th class=\"has-text-align-center\" data-align=\"center\">\u00c1r<\/th><\/tr><\/thead><tbody><tr><td><strong><span style=\"color:#64b5c5\" class=\"has-inline-color\">Mozg\u00e1svizsg\u00e1latok:<\/span><\/strong><\/td><td><\/td><td class=\"has-text-align-center\" data-align=\"center\"><\/td><\/tr><tr><td>Mozg\u00e1sfejletts\u00e9g vizsg\u00e1lata 0-5 \u00e9ves korig (kondukt\u00edv els\u0151 vizsg\u00e1lat)<br>Anamn\u00e9zis lap el\u0151zetes kit\u00f6lt\u00e9se sz\u00fcks\u00e9ges<\/td><td>45-60 perc<\/td><td class=\"has-text-align-center\" data-align=\"center\">17.500.-Ft<\/td><\/tr><tr><td>Alapoz\u00f3 ter\u00e1pia \/ fejleszt\u00e9s el\u0151tti vizsg\u00e1lat 5-12 \u00e9ves korig<\/td><td>60-90 perc<\/td><td class=\"has-text-align-center\" data-align=\"center\">18.000.-Ft<\/td><\/tr><tr><td>Szenzoros feldolgoz\u00e1s vizsg\u00e1lata (D\u00e9l-Kaliforniai Teszt alapj\u00e1n + reflexvizsg\u00e1latok, c\u00e9lzott megfigyel\u00e9sek)<\/td><td>60-80 perc<\/td><td class=\"has-text-align-center\" data-align=\"center\">24.000.-Ft<\/td><\/tr><tr><td><strong><span style=\"color:#64b5c5\" class=\"has-inline-color\">Komplex iskola\u00e9retts\u00e9gi vizsg\u00e1lat<\/span><\/strong> 5-6 \u00e9ves kor\u00faak sz\u00e1m\u00e1ra<br>(nagy-, \u00e9s finommozg\u00e1sok, kognit\u00edv k\u00e9pess\u00e9gek, szoci\u00e1lis \u00e9retts\u00e9g felm\u00e9r\u00e9se)<\/td><td>60-90 perc<\/td><td class=\"has-text-align-center\" data-align=\"center\">25.000.-Ft<\/td><\/tr><tr><td><span style=\"color:#64b5c5\" class=\"has-inline-color\"><strong>Iskol\u00e1sok komplex k\u00e9pess\u00e9gvizsg\u00e1lata<\/strong><\/span> 6-12 \u00e9ves korig<br>(nagy-, \u00e9s finommozg\u00e1sok, kognit\u00edv k\u00e9pess\u00e9gek felm\u00e9r\u00e9se) <\/td><td>60-90 perc<\/td><td class=\"has-text-align-center\" data-align=\"center\">25.000.-Ft<\/td><\/tr><tr><td><span style=\"color:#64b5c5\" class=\"has-inline-color\"><strong>Logop\u00e9diai vizsg\u00e1latok:<\/strong><\/span><\/td><td><\/td><td class=\"has-text-align-center\" data-align=\"center\"><\/td><\/tr><tr><td>SZ\u00d3L-E vizsg\u00e1lat (Besz\u00e9d,- \u00e9s nyelvi fejletts\u00e9g vizsg\u00e1lata 5 \u00e9ves kort\u00f3l)<\/td><td>60 perc<\/td><td class=\"has-text-align-center\" data-align=\"center\">&#8211;<\/td><\/tr><tr><td>Artikul\u00e1ci\u00f3s zavar vizsg\u00e1lata + GOH sz\u0171r\u0151vizsg\u00e1lat (besz\u00e9dhall\u00e1s \u00e1llapotfelm\u00e9r\u00e9se)<\/td><td>25 perc<\/td><td class=\"has-text-align-center\" data-align=\"center\">&#8211;<\/td><\/tr><tr><td>GOH, GMP vizsg\u00e1lat a besz\u00e9d\u00e9rt\u00e9s-, besz\u00e9d\u00e9szlel\u00e9s felm\u00e9r\u00e9s\u00e9re<\/td><td>40-50 perc<\/td><td class=\"has-text-align-center\" data-align=\"center\">&#8211;<\/td><\/tr><tr><td>Nyelvl\u00f6k\u00e9ses nyel\u00e9s vizsg\u00e1lata<\/td><td>40-50 perc<\/td><td class=\"has-text-align-center\" data-align=\"center\">&#8211;<\/td><\/tr><\/tbody><\/table><\/figure>\n\n\n\n<div class=\"wp-block-ive-ibtana-visual-editorheading\"><div class=\"ive-advanced-text-wrap ive-div-advance-text_2eb723-d7 undefined text-center text-md-center text-lg-center text-xl-center\"><h2 class=\"ive-heading-parent undefined ive-advanced-text-inner-wrap ive-adv-advance-text_2eb723-d7 ive-lh-xs-20 ive-lh-sm-20 ive-lh-md-30 ive-lh-lg-30 ive-lh-xl-30\" id=\"ive-adv-advance-text_2eb723-d7\"><em><strong>Kedves Sz\u00fcl\u0151k!<\/strong><br><br>A gyermek vizsg\u00e1lata ut\u00e1n minden esetben egy\u00e9ni konzult\u00e1ci\u00f3 keret\u00e9ben t\u00e1j\u00e9koztatjuk \u00d6n\u00f6ket a kapott eredm\u00e9nyekr\u0151l. A sz\u00f3beli \u00f6sszefoglal\u00f3n t\u00fal, r\u00f6vid \u00edr\u00e1sbeli visszajelz\u00e9st kapnak a gyermek egyes r\u00e9szk\u00e9pes\u00e9gter\u00fcleteken ny\u00fajtott teljes\u00edtm\u00e9ny\u00e9r\u0151l, tov\u00e1bb\u00e1 megfogalmazzuk javaslatainkat <em>a <\/em>sz\u00fcks\u00e9gesnek v\u00e9lt beavatkoz\u00e1sokat illet\u0151en.<br>Ezen <strong>30 perces konzult\u00e1ci\u00f3 d\u00edja 5.000.-Ft<\/strong>, mely \u00f6sszeg azonban teljes eg\u00e9sz\u00e9ben <strong>levon\u00e1sra ker\u00fcl a n\u00e1lunk megv\u00e1s\u00e1rolt els\u0151 b\u00e9rlet \u00e1r\u00e1b\u00f3l<\/strong>.<br><\/em><\/h2><\/div><\/div>\n<\/div><\/div>\n\n\n\n<div class=\"wp-block-ive-tab ive-tab-inner-content ive-inner-tab-2 ive-inner-tab_f9311a-fe\"><div class=\"ive-tab-inner-content-inner\">\n<figure class=\"wp-block-table\"><table><thead><tr><th>Foglalkoz\u00e1s<\/th><th class=\"has-text-align-center\" data-align=\"center\">Id\u0151tartam<\/th><th class=\"has-text-align-center\" data-align=\"center\">\u00c1r \/ alkalom \/ f\u0151<br>(B\u00e9rlet n\u00e9lk\u00fcl)<\/th><th class=\"has-text-align-center\" data-align=\"center\">&#8222;Havi&#8221; vagy egy\u00e9b b\u00e9rlet 4-10 alkalomra <\/th><\/tr><\/thead><tbody><tr><td><mark style=\"background-color:rgba(0, 0, 0, 0);color:#64b5c5\" class=\"has-inline-color\"><strong>Mozg\u00e1s-, \u00e9s szenzoros fejleszt\u00e9s:<\/strong><\/mark><\/td><td class=\"has-text-align-center\" data-align=\"center\"><\/td><td class=\"has-text-align-center\" data-align=\"center\"><\/td><td class=\"has-text-align-center\" data-align=\"center\"><\/td><\/tr><tr><td>Kondukt\u00edv fejleszt\u00e9s (kontroll)<\/td><td class=\"has-text-align-center\" data-align=\"center\">45 perc<\/td><td class=\"has-text-align-center\" data-align=\"center\">15.000.-Ft<\/td><td class=\"has-text-align-center\" data-align=\"center\"><br>40.000.- Ft \/ 4*45 perc<br>(10.000.-Ft \/ alkalom)<\/td><\/tr><tr><td>Szenzoros ter\u00e1pia (DSZIT, Ayres m\u00f3dszer)<br>Pszichol\u00f3gus vezet\u00e9s\u00e9vel<\/td><td class=\"has-text-align-center\" data-align=\"center\">45 perc<\/td><td class=\"has-text-align-center\" data-align=\"center\">&#8211;<\/td><td class=\"has-text-align-center\" data-align=\"center\">52.000.-Ft \/ 4*45 perc<br>(13.000.-Ft \/ alkalom)<\/td><\/tr><tr><td>Delacato torna &#8211; kontoroll + \u00faj gyakorlatsor betan\u00edt\u00e1sa <\/td><td class=\"has-text-align-center\" data-align=\"center\">45 perc<\/td><td class=\"has-text-align-center\" data-align=\"center\">12.000.-Ft<\/td><td class=\"has-text-align-center\" data-align=\"center\">40.000.-Ft \/ 4*45 perc<br>(10.000.- \/ alkalom)<\/td><\/tr><tr><td>Online sz\u00fcl\u0151konzult\u00e1ci\u00f3 a fejleszt\u0151 szakemberrel<\/td><td class=\"has-text-align-center\" data-align=\"center\">30 perc<\/td><td class=\"has-text-align-center\" data-align=\"center\">5.000.-Ft<\/td><td class=\"has-text-align-center\" data-align=\"center\"><\/td><\/tr><tr><td><mark style=\"background-color:rgba(0, 0, 0, 0);color:#64b5c5\" class=\"has-inline-color\"><strong>Kognit\u00edv, \u00e9s finommotorikus fejleszt\u00e9s:<\/strong><\/mark><\/td><td class=\"has-text-align-center\" data-align=\"center\"><\/td><td class=\"has-text-align-center\" data-align=\"center\"><\/td><td class=\"has-text-align-center\" data-align=\"center\"><\/td><\/tr><tr><td>Sindelar program<\/td><td class=\"has-text-align-center\" data-align=\"center\">40 perc<\/td><td class=\"has-text-align-center\" data-align=\"center\">12.000.Ft<\/td><td class=\"has-text-align-center\" data-align=\"center\">40.000.-Ft \/ 4*40 perc<br>(10.000.-Ft \/ alkalom)<\/td><\/tr><tr><td><strong><span style=\"color:#64b5c5\" class=\"has-inline-color\">Pszichol\u00f3gia:<\/span><\/strong><\/td><td class=\"has-text-align-center\" data-align=\"center\"><\/td><td class=\"has-text-align-center\" data-align=\"center\"><\/td><td class=\"has-text-align-center\" data-align=\"center\"><\/td><\/tr><tr><td>Els\u0151 konzult\u00e1ci\u00f3 a sz\u00fcl\u0151kkel<\/td><td class=\"has-text-align-center\" data-align=\"center\">90 perc<\/td><td class=\"has-text-align-center\" data-align=\"center\">24.000.-Ft<\/td><td class=\"has-text-align-center\" data-align=\"center\">&#8211;<\/td><\/tr><tr><td>Tov\u00e1bbi konzult\u00e1ci\u00f3 a gyermekkel \u00e9s\/vagy a sz\u00fcl\u0151kkel<\/td><td class=\"has-text-align-center\" data-align=\"center\">45-50 perc<\/td><td class=\"has-text-align-center\" data-align=\"center\">15.000.-Ft<\/td><td class=\"has-text-align-center\" data-align=\"center\">&#8211;<\/td><\/tr><tr><td>Sz\u00fcl\u0151-csecsem\u0151 konzult\u00e1ci\u00f3 (ev\u00e9s, alv\u00e1s probl\u00e9m\u00e1k)<\/td><td class=\"has-text-align-center\" data-align=\"center\">90 perc<\/td><td class=\"has-text-align-center\" data-align=\"center\">22.000.-Ft<\/td><td class=\"has-text-align-center\" data-align=\"center\">&#8211;<\/td><\/tr><tr><td><strong><span style=\"color:#64b5c5\" class=\"has-inline-color\">Gy\u00f3gypedag\u00f3gia:<\/span><\/strong><\/td><td class=\"has-text-align-center\" data-align=\"center\"><\/td><td class=\"has-text-align-center\" data-align=\"center\"><\/td><td class=\"has-text-align-center\" data-align=\"center\"><\/td><\/tr><tr><td>Autizmus specifikus fejleszt\u00e9s<\/td><td class=\"has-text-align-center\" data-align=\"center\">45 perc<\/td><td class=\"has-text-align-center\" data-align=\"center\"><\/td><td class=\"has-text-align-center\" data-align=\"center\">40.000.- Ft \/ 4*45 perc<br>(10.000.-Ft \/ alkalom)<\/td><\/tr><tr><td>Szoci\u00e1lis \u00e9s kommunik\u00e1ci\u00f3s k\u00e9szs\u00e9gek fejleszt\u00e9se<\/td><td class=\"has-text-align-center\" data-align=\"center\">45 perc<\/td><td class=\"has-text-align-center\" data-align=\"center\"><\/td><td class=\"has-text-align-center\" data-align=\"center\">40.000.- Ft \/ 4*45 perc<br>(10.000.-Ft \/ alkalom)<\/td><\/tr><tr><td><strong><span style=\"color:#64b5c5\" class=\"has-inline-color\">Logop\u00e9dia:<\/span><\/strong><\/td><td class=\"has-text-align-center\" data-align=\"center\"><\/td><td class=\"has-text-align-center\" data-align=\"center\"><\/td><td class=\"has-text-align-center\" data-align=\"center\"><\/td><\/tr><tr><td>Artikul\u00e1ci\u00f3s ter\u00e1pia<\/td><td class=\"has-text-align-center\" data-align=\"center\">45 perc<\/td><td class=\"has-text-align-center\" data-align=\"center\">&#8211;<\/td><td class=\"has-text-align-center\" data-align=\"center\">&#8211;<\/td><\/tr><tr><td>Besz\u00e9d\u00e9szlel\u00e9s, -\u00e9rt\u00e9s fejleszt\u00e9se<\/td><td class=\"has-text-align-center\" data-align=\"center\">20 perc<\/td><td class=\"has-text-align-center\" data-align=\"center\">&#8211;<\/td><td class=\"has-text-align-center\" data-align=\"center\">&#8211;<\/td><\/tr><tr><td>Nyelvl\u00f6k\u00e9ses nyel\u00e9s ter\u00e1pi\u00e1ja<\/td><td class=\"has-text-align-center\" data-align=\"center\">40 perc<\/td><td class=\"has-text-align-center\" data-align=\"center\">&#8211;<\/td><td class=\"has-text-align-center\" data-align=\"center\">&#8211;<\/td><\/tr><\/tbody><\/table><\/figure>\n<\/div><\/div>\n\n\n\n<div class=\"wp-block-ive-tab ive-tab-inner-content ive-inner-tab-3 ive-inner-tab_667cba-39\"><div class=\"ive-tab-inner-content-inner\">\n<figure class=\"wp-block-table\"><table><thead><tr><th>Ter\u00e1pi\u00e1s \/ fejleszt\u0151 foglalkoz\u00e1s megnevez\u00e9se<\/th><th class=\"has-text-align-center\" data-align=\"center\">Heti id\u0151tartam<\/th><th>B\u00e9rlet \u00e1rak<\/th><\/tr><\/thead><tbody><tr><td><strong><mark style=\"background-color:rgba(0, 0, 0, 0);color:#64b5c5\" class=\"has-inline-color\">Bab\u00e1knak:<\/mark><\/strong><\/td><td class=\"has-text-align-center\" data-align=\"center\"><\/td><td><\/td><\/tr><tr><td><strong>Babatorna<\/strong><br>(koroszt\u00e1lyokra bontott csoportok)<\/td><td class=\"has-text-align-center\" data-align=\"center\">45 perc<\/td><td>4 alkalmas b\u00e9rlet 15.000.-Ft (3.750.-Ft \/ alkalom)<br><strong>Ha nem tudtok j\u00f6nni, a b\u00e9rlet \u00c1TRUH\u00c1ZHAT\u00d3!<\/strong><br><br>B\u00e9rlet n\u00e9lk\u00fcl 5.000.-Ft \/ alkalom<\/td><\/tr><tr><td><strong><mark style=\"background-color:rgba(0, 0, 0, 0);color:#64b5c5\" class=\"has-inline-color\">\u00d3vod\u00e1soknak:<\/mark><\/strong><\/td><td class=\"has-text-align-center\" data-align=\"center\"><\/td><td><\/td><\/tr><tr><td><strong>Tappancs foglalkoz\u00e1s<\/strong> (4-5 \u00e9veseknek)<br>Csoportos szenzomotoros szeml\u00e9let\u0171 fejleszt\u00e9s<\/td><td class=\"has-text-align-center\" data-align=\"center\">45 perc<\/td><td>3-4 f\u0151s csoport eset\u00e9n 6.000.-Ft \/ alkalom<\/td><\/tr><tr><td><strong>Felfedez\u0151<\/strong> (4-6 \u00e9veseknek)<br>Csoportos szenzomotoros \u00e9s alapoz\u00f3 fejleszt\u00e9s<\/td><td class=\"has-text-align-center\" data-align=\"center\">2*45 perc<\/td><td>4 f\u0151s csoport &#8211; 8 alkalmas b\u00e9rlet 56.000.-Ft<br>(7.000.-Ft \/ alkalom)<\/td><\/tr><tr><td><strong>Var\u00e1zsceruza<\/strong> (5-6 \u00e9veseknek)<br>Grafo- \u00e9s finommotorika fejleszt\u00e9s<\/td><td class=\"has-text-align-center\" data-align=\"center\">45 perc<\/td><td>6 f\u0151s csoport &#8211; 4 alkalmas b\u00e9rlet 16.000.-Ft<br>(4.000.-Ft \/ alkalom)<\/td><\/tr><tr><td><strong>Rajtvonal<\/strong> (5-6 \u00e9veseknek)<br>Komplex iskolael\u0151k\u00e9sz\u00edt\u0151 foglalkoz\u00e1s<\/td><td class=\"has-text-align-center\" data-align=\"center\">60 perc<\/td><td>6 f\u0151s csoport &#8211; 4 alkalmas b\u00e9rlet 22.000.-Ft<br>(5.500.-Ft \/ alkalom)<\/td><\/tr><tr><td><strong>Alapoz\u00f3 torna<\/strong> (kezd\u0151)<br>Mozg\u00e1s- \u00e9s figyelemfejleszt\u00e9s<\/td><td class=\"has-text-align-center\" data-align=\"center\">2*45 perc<\/td><td>6 f\u0151s csoport &#8211; 8 alkalmas b\u00e9rlet 36.000.-Ft<br>(4.500.-Ft \/ alkalom)<\/td><\/tr><tr><td><strong>Alapoz\u00f3 torna<\/strong> (halad\u00f3)<br>Mozg\u00e1s- \u00e9s figyelemfejleszt\u00e9s<\/td><td class=\"has-text-align-center\" data-align=\"center\">1*60 perc<\/td><td>A d\u00edj a csoportl\u00e9tsz\u00e1mt\u00f3l f\u00fcgg\u0151en v\u00e1ltozik.<br>K\u00e9rj\u00fck \u00e9rdekl\u0151dj\u00f6n koll\u00e9g\u00e1nkn\u00e1l!<\/td><\/tr><tr><td><strong><mark style=\"background-color:rgba(0, 0, 0, 0);color:#64b5c5\" class=\"has-inline-color\">Iskol\u00e1soknak:<\/mark><\/strong><\/td><td class=\"has-text-align-center\" data-align=\"center\"><\/td><td><\/td><\/tr><tr><td><strong>Alapoz\u00f3 torna<\/strong> (halad\u00f3)<br>Mozg\u00e1s- \u00e9s figyelemfejleszt\u00e9s<\/td><td class=\"has-text-align-center\" data-align=\"center\">1*60 perc<\/td><td>A d\u00edj a csoportl\u00e9tsz\u00e1mt\u00f3l f\u00fcgg\u0151en v\u00e1ltozik.<br>K\u00e9rj\u00fck \u00e9rdekl\u0151dj\u00f6n koll\u00e9g\u00e1nkn\u00e1l!<\/td><\/tr><tr><td><strong>Rak\u00e9ta <\/strong><br>Komplex fejleszt\u00e9s<\/td><td class=\"has-text-align-center\" data-align=\"center\">60 perc<\/td><td>6 f\u0151s csoport &#8211; 4 alkalmas b\u00e9rlet 22.000.-Ft<br>(5.500.-Ft \/ alkalom)<\/td><\/tr><\/tbody><\/table><\/figure>\n\n\n\n<div class=\"wp-block-ive-ibtana-visual-editorheading\"><div class=\"ive-advanced-text-wrap ive-div-advance-text_5b5924-50 undefined text-center text-md-center text-lg-center text-xl-center\"><h2 class=\"ive-heading-parent undefined ive-advanced-text-inner-wrap ive-adv-advance-text_5b5924-50 ive-lh-xs-30 ive-lh-sm-30 ive-lh-md-30 ive-lh-lg-30 ive-lh-xl-30\" id=\"ive-adv-advance-text_5b5924-50\"><\/h2><\/div><\/div>\n<\/div><\/div>\n<\/div><\/div><\/div>\n\n\n\n<p><\/p>\n","protected":false},"excerpt":{"rendered":"","protected":false},"author":1,"featured_media":0,"parent":0,"menu_order":0,"comment_status":"closed","ping_status":"closed","template":"","meta":{"_regular_price":[],"currency_symbol":[],"footnotes":""},"class_list":["post-1174","page","type-page","status-publish","hentry"],"post_slider_layout_featured_media_urls":{"thumbnail":"","post_slider_layout_landscape_large":"","post_slider_layout_portrait_large":"","post_slider_layout_square_large":"","post_slider_layout_landscape":"","post_slider_layout_portrait":"","post_slider_layout_square":"","full":""},"_links":{"self":[{"href":"https:\/\/iranytufejlesztohaz.hu\/index.php?rest_route=\/wp\/v2\/pages\/1174","targetHints":{"allow":["GET"]}}],"collection":[{"href":"https:\/\/iranytufejlesztohaz.hu\/index.php?rest_route=\/wp\/v2\/pages"}],"about":[{"href":"https:\/\/iranytufejlesztohaz.hu\/index.php?rest_route=\/wp\/v2\/types\/page"}],"author":[{"embeddable":true,"href":"https:\/\/iranytufejlesztohaz.hu\/index.php?rest_route=\/wp\/v2\/users\/1"}],"replies":[{"embeddable":true,"href":"https:\/\/iranytufejlesztohaz.hu\/index.php?rest_route=%2Fwp%2Fv2%2Fcomments&post=1174"}],"version-history":[{"count":123,"href":"https:\/\/iranytufejlesztohaz.hu\/index.php?rest_route=\/wp\/v2\/pages\/1174\/revisions"}],"predecessor-version":[{"id":2343,"href":"https:\/\/iranytufejlesztohaz.hu\/index.php?rest_route=\/wp\/v2\/pages\/1174\/revisions\/2343"}],"wp:attachment":[{"href":"https:\/\/iranytufejlesztohaz.hu\/index.php?rest_route=%2Fwp%2Fv2%2Fmedia&parent=1174"}],"curies":[{"name":"wp","href":"https:\/\/api.w.org\/{rel}","templated":true}]}}